{"id":626,"date":"2024-07-18T10:05:52","date_gmt":"2024-07-18T08:05:52","guid":{"rendered":"https:\/\/depaula.cat\/politica-privacidad\/"},"modified":"2024-10-04T11:03:46","modified_gmt":"2024-10-04T09:03:46","slug":"politica-de-privacitat","status":"publish","type":"page","link":"https:\/\/depaula.cat\/ca\/politica-de-privacitat\/","title":{"rendered":"Pol\u00edtica de privacitat"},"content":{"rendered":"\n\t<section class=\"section\" id=\"section_1443321042\">\n\t\t<div class=\"section-bg fill\" >\n\t\t\t\t\t\t\t\t\t\n\t\t\t\n\n\t\t<\/div>\n\n\t\t\n\n\t\t<div class=\"section-content relative\">\n\t\t\t\n<div class=\"row\"  id=\"row-2072922102\">\n\n\t<div id=\"col-148436802\" class=\"col small-12 large-12\"  >\n\t\t\t\t<div class=\"col-inner\"  >\n\t\t\t\n\t\t\t\n<h1>POL\u00cdTICA DE PRIVACIDAD<\/h1>\n<p>En HELTON PEREIRA DE PAULA nos preocupamos por la privacidad y la transparencia.<\/p>\n<p>A continuaci\u00f3n, le indicamos en detalle los tratamientos de datos personales que realizamos, as\u00ed como toda la informaci\u00f3n relativa a los mismos.<\/p>\n<p>Tratamiento de los datos de candidatos a un puesto de trabajo<\/p>\n<table width=\"584\">\n<tbody>\n<tr>\n<td colspan=\"2\" width=\"584\">\n<p><strong>Informaci\u00f3n b\u00e1sica sobre Protecci\u00f3n de datos<\/strong><\/p>\n<\/td>\n<\/tr>\n<tr>\n<td width=\"180\">\n<p><strong>Responsable:<\/strong><\/p>\n<\/td>\n<td width=\"404\">\n<p>HELTON PEREIRA DE PAULA<\/p>\n<\/td>\n<\/tr>\n<tr>\n<td width=\"180\">\n<p><strong>Finalidad:<\/strong><\/p>\n<\/td>\n<td width=\"404\">\n<p>Realizar los procesos de selecci\u00f3n de personal.<\/p>\n<\/td>\n<\/tr>\n<tr>\n<td width=\"180\">\n<p><strong>Legitimaci\u00f3n:<\/strong><\/p>\n<\/td>\n<td width=\"404\">\n<p>Ejecuci\u00f3n de un contrato.<\/p>\n<\/td>\n<\/tr>\n<tr>\n<td width=\"180\">\n<p><strong>Destinatarios:<\/strong><\/p>\n<\/td>\n<td width=\"404\">\n<p>No se ceder\u00e1n datos a terceros, salvo obligaci\u00f3n legal.<\/p>\n<\/td>\n<\/tr>\n<tr>\n<td width=\"180\">\n<p><strong>Derechos:<\/strong><\/p>\n<\/td>\n<td width=\"404\">\n<p>Tiene derecho a acceder, rectificar y suprimir los datos, as\u00ed como otros derechos, indicados en la informaci\u00f3n adicional, que puede ejercer dirigi\u00e9ndose a la direcci\u00f3n del responsable del tratamiento o en www.depaula.cat<\/p>\n<\/td>\n<\/tr>\n<tr>\n<td width=\"180\">\n<p><strong>Procedencia:<\/strong><\/p>\n<\/td>\n<td width=\"404\">\n<p>El propio interesado<\/p>\n<\/td>\n<\/tr>\n<\/tbody>\n<\/table>\n<p><strong>\u00a0<\/strong><\/p>\n<p>Informaci\u00f3n completa sobre Protecci\u00f3n de Datos<\/p>\n<ol>\n<li><strong>\u00bfQui\u00e9n es el responsable del tratamiento de sus datos?<\/strong><\/li>\n<\/ol>\n<p>HELTON PEREIRA DE PAULA<\/p>\n<p>26563552R<\/p>\n<p>C\/ Cariteo, n.\u00ba 9 &#8211; 08004 &#8211; Barcelona &#8211; BARCELONA<\/p>\n<p>647085235<\/p>\n<p>hola@depaula.cat<\/p>\n<ol start=\"2\">\n<li><strong>\u00bfCon qu\u00e9 finalidad tratamos sus datos personales?<\/strong><\/li>\n<\/ol>\n<p>En HELTON PEREIRA DE PAULA tratamos la informaci\u00f3n que nos facilitan las personas interesadas con el fin de gestionar los Curriculums Vitae recibidos y realizar los procesos de selecci\u00f3n de personal, entrevistas y dem\u00e1s tr\u00e1mites necesarios para la b\u00fasqueda del mejor candidato posible a un puesto de trabajo determinado. En el caso de que no facilite sus datos personales, no podremos cumplir con las finalidades descritas.<\/p>\n<p>No se van a tomar decisiones automatizadas en base a los datos proporcionados.<\/p>\n<ol start=\"3\">\n<li><strong>\u00bfPor cu\u00e1nto tiempo conservaremos sus datos?<\/strong><\/li>\n<\/ol>\n<p>Dos a\u00f1os desde la \u00faltima interacci\u00f3n.<\/p>\n<ol start=\"4\">\n<li><strong>\u00bfCu\u00e1l es la legitimaci\u00f3n para el tratamiento de sus datos?<\/strong><\/li>\n<\/ol>\n<p>Le indicamos la base legal para el tratamiento de sus datos:<\/p>\n<ul>\n<li>Ejecuci\u00f3n de un contrato: Gesti\u00f3n de los Curriculums Vitae entregados por el candidato para realizar los procesos de selecci\u00f3n de personal para la b\u00fasqueda del mejor candidato posible a un puesto de trabajo determinado. (RGPD art. 6.1.b).<\/li>\n<\/ul>\n<ol start=\"5\">\n<li><strong>\u00bfA qu\u00e9 destinatarios se comunicar\u00e1n sus datos?<\/strong><\/li>\n<\/ol>\n<p>No se ceder\u00e1n datos a terceros, salvo obligaci\u00f3n legal.<\/p>\n<ol start=\"6\">\n<li><strong>Transferencias de datos a terceros pa\u00edses<\/strong><\/li>\n<\/ol>\n<p>No est\u00e1n previstas transferencias de datos a terceros pa\u00edses.<\/p>\n<ol start=\"7\">\n<li><strong>\u00bfCu\u00e1les son sus derechos cuando nos facilita sus datos?<\/strong><\/li>\n<\/ol>\n<p>Cualquier persona tiene derecho a obtener confirmaci\u00f3n sobre si en HELTON PEREIRA DE PAULA estamos tratando, o no, datos personales que les conciernan.<\/p>\n<p>Las personas interesadas tienen derecho a acceder a sus datos personales, as\u00ed como a solicitar la rectificaci\u00f3n de los datos inexactos o, en su caso, solicitar su supresi\u00f3n cuando, entre otros motivos, los datos ya no sean necesarios para los fines que fueron recogidos. Igualmente tiene derecho a la portabilidad de sus datos.<\/p>\n<p>En determinadas circunstancias, los interesados podr\u00e1n solicitar la limitaci\u00f3n del tratamiento de sus datos, en cuyo caso \u00fanicamente los conservaremos para el ejercicio o la defensa de reclamaciones.<\/p>\n<p>En determinadas circunstancias y por motivos relacionados con su situaci\u00f3n particular, los interesados podr\u00e1n oponerse al tratamiento de sus datos. En este caso, HELTON PEREIRA DE PAULA dejar\u00e1 de tratar los datos, salvo por motivos leg\u00edtimos imperiosos, o el ejercicio o la defensa de posibles reclamaciones.<\/p>\n<p>Podr\u00e1 ejercitar materialmente sus derechos de la siguiente forma: dirigi\u00e9ndose a la direcci\u00f3n del responsable del tratamiento o en www.depaula.cat<\/p>\n<p>Cuando se realice el env\u00edo de comunicaciones comerciales utilizando como base jur\u00eddica el inter\u00e9s leg\u00edtimo del responsable, el interesado podr\u00e1 oponerse al tratamiento de sus datos con ese fin.<\/p>\n<p>Si ha otorgado su consentimiento para alguna finalidad concreta, tiene derecho a retirar el consentimiento otorgado en cualquier momento, sin que ello afecte a la licitud del tratamiento basado en el consentimiento previo a su retirada.<\/p>\n<p>En caso de que sienta vulnerados sus derechos en lo concerniente a la protecci\u00f3n de sus datos personales, especialmente cuando no haya obtenido satisfacci\u00f3n en el ejercicio de sus derechos, puede presentar una reclamaci\u00f3n ante la Autoridad de Control en materia de Protecci\u00f3n de Datos competente a trav\u00e9s de su sitio web: www.aepd.es.<\/p>\n<ol start=\"8\">\n<li><strong>\u00bfC\u00f3mo hemos obtenido sus datos?<\/strong><\/li>\n<\/ol>\n<p>Los datos personales que tratamos en HELTON PEREIRA DE PAULA proceden de: El propio interesado.<\/p>\n<p>Las categor\u00edas de datos que se tratan son:<\/p>\n<ul>\n<li>Datos identificativos.<\/li>\n<li>Direcciones postales y electr\u00f3nicas.<\/li>\n<\/ul>\n<p>\u00a0<\/p>\n<p>Tratamiento de los datos de clientes<\/p>\n<table width=\"584\">\n<tbody>\n<tr>\n<td colspan=\"2\" width=\"584\">\n<p><strong>Informaci\u00f3n b\u00e1sica sobre Protecci\u00f3n de datos<\/strong><\/p>\n<\/td>\n<\/tr>\n<tr>\n<td width=\"180\">\n<p><strong>Responsable:<\/strong><\/p>\n<\/td>\n<td width=\"404\">\n<p>HELTON PEREIRA DE PAULA<\/p>\n<\/td>\n<\/tr>\n<tr>\n<td width=\"180\">\n<p><strong>Finalidad:<\/strong><\/p>\n<\/td>\n<td width=\"404\">\n<p>Prestar los servicios solicitados y enviar comunicaciones promocionales.<\/p>\n<\/td>\n<\/tr>\n<tr>\n<td width=\"180\">\n<p><strong>Legitimaci\u00f3n:<\/strong><\/p>\n<\/td>\n<td width=\"404\">\n<p>Ejecuci\u00f3n de un contrato.<\/p>\n<p>Inter\u00e9s leg\u00edtimo del Responsable.<\/p>\n<\/td>\n<\/tr>\n<tr>\n<td width=\"180\">\n<p><strong>Destinatarios:<\/strong><\/p>\n<\/td>\n<td width=\"404\">\n<p>Est\u00e1n previstas cesiones de datos a: Administraci\u00f3n Tributaria; Entidades financieras.<\/p>\n<\/td>\n<\/tr>\n<tr>\n<td width=\"180\">\n<p><strong>Derechos:<\/strong><\/p>\n<\/td>\n<td width=\"404\">\n<p>Tiene derecho a acceder, rectificar y suprimir los datos, as\u00ed como otros derechos, indicados en la informaci\u00f3n adicional, que puede ejercer dirigi\u00e9ndose a la direcci\u00f3n del responsable del tratamiento o en www.depaula.cat<\/p>\n<\/td>\n<\/tr>\n<tr>\n<td width=\"180\">\n<p><strong>Procedencia:<\/strong><\/p>\n<\/td>\n<td width=\"404\">\n<p>El propio interesado<\/p>\n<\/td>\n<\/tr>\n<\/tbody>\n<\/table>\n<p><strong>\u00a0<\/strong><\/p>\n<p>Informaci\u00f3n completa sobre Protecci\u00f3n de Datos<\/p>\n<ol>\n<li><strong>\u00bfQui\u00e9n es el responsable del tratamiento de sus datos?<\/strong><\/li>\n<\/ol>\n<p>HELTON PEREIRA DE PAULA<\/p>\n<p>26563552R<\/p>\n<p>C\/ Cariteo, n.\u00ba 9 &#8211; 08004 &#8211; Barcelona &#8211; BARCELONA<\/p>\n<p>647085235<\/p>\n<p>hola@depaula.cat<\/p>\n<ol start=\"2\">\n<li><strong>\u00bfCon qu\u00e9 finalidad tratamos sus datos personales?<\/strong><\/li>\n<\/ol>\n<p>En HELTON PEREIRA DE PAULA tratamos la informaci\u00f3n que nos facilitan las personas interesadas con el fin de realizar la gesti\u00f3n administrativa, contable y fiscal de los servicios solicitados, as\u00ed como enviar comunicaciones promocionales sobre nuestros productos y servicios. En el caso de que no facilite sus datos personales, no podremos cumplir con las finalidades descritas.<\/p>\n<p>No se van a tomar decisiones automatizadas en base a los datos proporcionados.<\/p>\n<ol start=\"3\">\n<li><strong>\u00bfPor cu\u00e1nto tiempo conservaremos sus datos?<\/strong><\/li>\n<\/ol>\n<p>Los datos se conservar\u00e1n mientras el interesado no solicite su supresi\u00f3n, y en su caso, durante los a\u00f1os necesarios para cumplir con las obligaciones legales.<\/p>\n<ol start=\"4\">\n<li><strong>\u00bfCu\u00e1l es la legitimaci\u00f3n para el tratamiento de sus datos?<\/strong><\/li>\n<\/ol>\n<p>Le indicamos la base legal para el tratamiento de sus datos:<\/p>\n<ul>\n<li>Ejecuci\u00f3n de un contrato: Gesti\u00f3n fiscal, contable y administrativa de clientes. (RGPD art. 6.1.b).<\/li>\n<li>Inter\u00e9s leg\u00edtimo del Responsable: Env\u00edo de comunicaciones promocionales incluso por v\u00eda electr\u00f3nica. (RGPD Considerando 47, LSSICE art. 21.2).<\/li>\n<\/ul>\n<ol start=\"5\">\n<li><strong>\u00bfA qu\u00e9 destinatarios se comunicar\u00e1n sus datos?<\/strong><\/li>\n<\/ol>\n<p>Los datos se comunicar\u00e1n a los siguientes destinatarios:<\/p>\n<ul>\n<li>Administraci\u00f3n Tributaria, con la finalidad de cumplir con las obligaciones legales (requisito legal).<\/li>\n<li>Entidades financieras, con la finalidad de girar los recibos correspondientes (requisito contractual).<\/li>\n<\/ul>\n<ol start=\"6\">\n<li><strong>Transferencias de datos a terceros pa\u00edses<\/strong><\/li>\n<\/ol>\n<p>No est\u00e1n previstas transferencias de datos a terceros pa\u00edses.<\/p>\n<ol start=\"7\">\n<li><strong>\u00bfCu\u00e1les son sus derechos cuando nos facilita sus datos?<\/strong><\/li>\n<\/ol>\n<p>Cualquier persona tiene derecho a obtener confirmaci\u00f3n sobre si en HELTON PEREIRA DE PAULA estamos tratando, o no, datos personales que les conciernan.<\/p>\n<p>Las personas interesadas tienen derecho a acceder a sus datos personales, as\u00ed como a solicitar la rectificaci\u00f3n de los datos inexactos o, en su caso, solicitar su supresi\u00f3n cuando, entre otros motivos, los datos ya no sean necesarios para los fines que fueron recogidos. Igualmente tiene derecho a la portabilidad de sus datos.<\/p>\n<p>En determinadas circunstancias, los interesados podr\u00e1n solicitar la limitaci\u00f3n del tratamiento de sus datos, en cuyo caso \u00fanicamente los conservaremos para el ejercicio o la defensa de reclamaciones.<\/p>\n<p>En determinadas circunstancias y por motivos relacionados con su situaci\u00f3n particular, los interesados podr\u00e1n oponerse al tratamiento de sus datos. En este caso, HELTON PEREIRA DE PAULA dejar\u00e1 de tratar los datos, salvo por motivos leg\u00edtimos imperiosos, o el ejercicio o la defensa de posibles reclamaciones.<\/p>\n<p>Podr\u00e1 ejercitar materialmente sus derechos de la siguiente forma: dirigi\u00e9ndose a la direcci\u00f3n del responsable del tratamiento o en www.depaula.cat<\/p>\n<p>Cuando se realice el env\u00edo de comunicaciones comerciales utilizando como base jur\u00eddica el inter\u00e9s leg\u00edtimo del responsable, el interesado podr\u00e1 oponerse al tratamiento de sus datos con ese fin.<\/p>\n<p>Si ha otorgado su consentimiento para alguna finalidad concreta, tiene derecho a retirar el consentimiento otorgado en cualquier momento, sin que ello afecte a la licitud del tratamiento basado en el consentimiento previo a su retirada.<\/p>\n<p>En caso de que sienta vulnerados sus derechos en lo concerniente a la protecci\u00f3n de sus datos personales, especialmente cuando no haya obtenido satisfacci\u00f3n en el ejercicio de sus derechos, puede presentar una reclamaci\u00f3n ante la Autoridad de Control en materia de Protecci\u00f3n de Datos competente a trav\u00e9s de su sitio web: www.aepd.es.<\/p>\n<ol start=\"8\">\n<li><strong>\u00bfC\u00f3mo hemos obtenido sus datos?<\/strong><\/li>\n<\/ol>\n<p>Los datos personales que tratamos en HELTON PEREIRA DE PAULA proceden de: El propio interesado.<\/p>\n<p>Las categor\u00edas de datos que se tratan son:<\/p>\n<ul>\n<li>Datos identificativos.<\/li>\n<li>Direcciones postales y electr\u00f3nicas.<\/li>\n<\/ul>\n\t\t<\/div>\n\t\t\t\t\t<\/div>\n\n\t\n<\/div>\n\t\t<\/div>\n\n\t\t\n<style>\n#section_1443321042 {\n  padding-top: 30px;\n  padding-bottom: 30px;\n}\n<\/style>\n\t<\/section>\n\t\n","protected":false},"excerpt":{"rendered":"","protected":false},"author":1,"featured_media":0,"parent":0,"menu_order":0,"comment_status":"closed","ping_status":"open","template":"","meta":{"_acf_changed":false,"footnotes":""},"class_list":["post-626","page","type-page","status-publish","hentry"],"acf":[],"yoast_head":"<!-- This site is optimized with the Yoast SEO plugin v27.4 - https:\/\/yoast.com\/product\/yoast-seo-wordpress\/ -->\n<title>Pol\u00edtica de privacitat - De Paula - L&#039;hamburgueseria del Poble Sec<\/title>\n<meta name=\"robots\" content=\"index, follow, max-snippet:-1, max-image-preview:large, max-video-preview:-1\" \/>\n<link rel=\"canonical\" href=\"https:\/\/depaula.cat\/ca\/politica-de-privacitat\/\" \/>\n<meta property=\"og:locale\" content=\"ca_ES\" \/>\n<meta property=\"og:type\" content=\"article\" \/>\n<meta property=\"og:title\" content=\"Pol\u00edtica de privacitat - De Paula - L&#039;hamburgueseria del Poble Sec\" \/>\n<meta property=\"og:url\" content=\"https:\/\/depaula.cat\/ca\/politica-de-privacitat\/\" \/>\n<meta property=\"og:site_name\" content=\"De Paula - L&#039;hamburgueseria del Poble Sec\" \/>\n<meta property=\"article:modified_time\" content=\"2024-10-04T09:03:46+00:00\" \/>\n<meta name=\"twitter:card\" content=\"summary_large_image\" \/>\n<meta name=\"twitter:label1\" content=\"Temps estimat de lectura\" \/>\n\t<meta name=\"twitter:data1\" content=\"7 minuts\" \/>\n<script type=\"application\/ld+json\" class=\"yoast-schema-graph\">{\"@context\":\"https:\\\/\\\/schema.org\",\"@graph\":[{\"@type\":\"WebPage\",\"@id\":\"https:\\\/\\\/depaula.cat\\\/ca\\\/politica-de-privacitat\\\/\",\"url\":\"https:\\\/\\\/depaula.cat\\\/ca\\\/politica-de-privacitat\\\/\",\"name\":\"Pol\u00edtica de privacitat - De Paula - L&#039;hamburgueseria del Poble Sec\",\"isPartOf\":{\"@id\":\"https:\\\/\\\/depaula.cat\\\/ca\\\/#website\"},\"datePublished\":\"2024-07-18T08:05:52+00:00\",\"dateModified\":\"2024-10-04T09:03:46+00:00\",\"breadcrumb\":{\"@id\":\"https:\\\/\\\/depaula.cat\\\/ca\\\/politica-de-privacitat\\\/#breadcrumb\"},\"inLanguage\":\"ca\",\"potentialAction\":[{\"@type\":\"ReadAction\",\"target\":[\"https:\\\/\\\/depaula.cat\\\/ca\\\/politica-de-privacitat\\\/\"]}]},{\"@type\":\"BreadcrumbList\",\"@id\":\"https:\\\/\\\/depaula.cat\\\/ca\\\/politica-de-privacitat\\\/#breadcrumb\",\"itemListElement\":[{\"@type\":\"ListItem\",\"position\":1,\"name\":\"Portada\",\"item\":\"https:\\\/\\\/depaula.cat\\\/ca\\\/\"},{\"@type\":\"ListItem\",\"position\":2,\"name\":\"Pol\u00edtica de privacitat\"}]},{\"@type\":\"WebSite\",\"@id\":\"https:\\\/\\\/depaula.cat\\\/ca\\\/#website\",\"url\":\"https:\\\/\\\/depaula.cat\\\/ca\\\/\",\"name\":\"De Paula - L'hamburgueseria del Poble Sec\",\"description\":\"De Paula\",\"publisher\":{\"@id\":\"https:\\\/\\\/depaula.cat\\\/ca\\\/#organization\"},\"potentialAction\":[{\"@type\":\"SearchAction\",\"target\":{\"@type\":\"EntryPoint\",\"urlTemplate\":\"https:\\\/\\\/depaula.cat\\\/ca\\\/?s={search_term_string}\"},\"query-input\":{\"@type\":\"PropertyValueSpecification\",\"valueRequired\":true,\"valueName\":\"search_term_string\"}}],\"inLanguage\":\"ca\"},{\"@type\":\"Organization\",\"@id\":\"https:\\\/\\\/depaula.cat\\\/ca\\\/#organization\",\"name\":\"De Paula - L'hamburgueseria del Poble Sec\",\"url\":\"https:\\\/\\\/depaula.cat\\\/ca\\\/\",\"logo\":{\"@type\":\"ImageObject\",\"inLanguage\":\"ca\",\"@id\":\"https:\\\/\\\/depaula.cat\\\/ca\\\/#\\\/schema\\\/logo\\\/image\\\/\",\"url\":\"https:\\\/\\\/depaula.cat\\\/wp-content\\\/uploads\\\/2024\\\/08\\\/logodepaula.png\",\"contentUrl\":\"https:\\\/\\\/depaula.cat\\\/wp-content\\\/uploads\\\/2024\\\/08\\\/logodepaula.png\",\"width\":477,\"height\":95,\"caption\":\"De Paula - L'hamburgueseria del Poble Sec\"},\"image\":{\"@id\":\"https:\\\/\\\/depaula.cat\\\/ca\\\/#\\\/schema\\\/logo\\\/image\\\/\"}}]}<\/script>\n<!-- \/ Yoast SEO plugin. -->","yoast_head_json":{"title":"Pol\u00edtica de privacitat - De Paula - L&#039;hamburgueseria del Poble Sec","robots":{"index":"index","follow":"follow","max-snippet":"max-snippet:-1","max-image-preview":"max-image-preview:large","max-video-preview":"max-video-preview:-1"},"canonical":"https:\/\/depaula.cat\/ca\/politica-de-privacitat\/","og_locale":"ca_ES","og_type":"article","og_title":"Pol\u00edtica de privacitat - De Paula - L&#039;hamburgueseria del Poble Sec","og_url":"https:\/\/depaula.cat\/ca\/politica-de-privacitat\/","og_site_name":"De Paula - L&#039;hamburgueseria del Poble Sec","article_modified_time":"2024-10-04T09:03:46+00:00","twitter_card":"summary_large_image","twitter_misc":{"Temps estimat de lectura":"7 minuts"},"schema":{"@context":"https:\/\/schema.org","@graph":[{"@type":"WebPage","@id":"https:\/\/depaula.cat\/ca\/politica-de-privacitat\/","url":"https:\/\/depaula.cat\/ca\/politica-de-privacitat\/","name":"Pol\u00edtica de privacitat - De Paula - L&#039;hamburgueseria del Poble Sec","isPartOf":{"@id":"https:\/\/depaula.cat\/ca\/#website"},"datePublished":"2024-07-18T08:05:52+00:00","dateModified":"2024-10-04T09:03:46+00:00","breadcrumb":{"@id":"https:\/\/depaula.cat\/ca\/politica-de-privacitat\/#breadcrumb"},"inLanguage":"ca","potentialAction":[{"@type":"ReadAction","target":["https:\/\/depaula.cat\/ca\/politica-de-privacitat\/"]}]},{"@type":"BreadcrumbList","@id":"https:\/\/depaula.cat\/ca\/politica-de-privacitat\/#breadcrumb","itemListElement":[{"@type":"ListItem","position":1,"name":"Portada","item":"https:\/\/depaula.cat\/ca\/"},{"@type":"ListItem","position":2,"name":"Pol\u00edtica de privacitat"}]},{"@type":"WebSite","@id":"https:\/\/depaula.cat\/ca\/#website","url":"https:\/\/depaula.cat\/ca\/","name":"De Paula - L'hamburgueseria del Poble Sec","description":"De Paula","publisher":{"@id":"https:\/\/depaula.cat\/ca\/#organization"},"potentialAction":[{"@type":"SearchAction","target":{"@type":"EntryPoint","urlTemplate":"https:\/\/depaula.cat\/ca\/?s={search_term_string}"},"query-input":{"@type":"PropertyValueSpecification","valueRequired":true,"valueName":"search_term_string"}}],"inLanguage":"ca"},{"@type":"Organization","@id":"https:\/\/depaula.cat\/ca\/#organization","name":"De Paula - L'hamburgueseria del Poble Sec","url":"https:\/\/depaula.cat\/ca\/","logo":{"@type":"ImageObject","inLanguage":"ca","@id":"https:\/\/depaula.cat\/ca\/#\/schema\/logo\/image\/","url":"https:\/\/depaula.cat\/wp-content\/uploads\/2024\/08\/logodepaula.png","contentUrl":"https:\/\/depaula.cat\/wp-content\/uploads\/2024\/08\/logodepaula.png","width":477,"height":95,"caption":"De Paula - L'hamburgueseria del Poble Sec"},"image":{"@id":"https:\/\/depaula.cat\/ca\/#\/schema\/logo\/image\/"}}]}},"_links":{"self":[{"href":"https:\/\/depaula.cat\/ca\/wp-json\/wp\/v2\/pages\/626","targetHints":{"allow":["GET"]}}],"collection":[{"href":"https:\/\/depaula.cat\/ca\/wp-json\/wp\/v2\/pages"}],"about":[{"href":"https:\/\/depaula.cat\/ca\/wp-json\/wp\/v2\/types\/page"}],"author":[{"embeddable":true,"href":"https:\/\/depaula.cat\/ca\/wp-json\/wp\/v2\/users\/1"}],"replies":[{"embeddable":true,"href":"https:\/\/depaula.cat\/ca\/wp-json\/wp\/v2\/comments?post=626"}],"version-history":[{"count":0,"href":"https:\/\/depaula.cat\/ca\/wp-json\/wp\/v2\/pages\/626\/revisions"}],"wp:attachment":[{"href":"https:\/\/depaula.cat\/ca\/wp-json\/wp\/v2\/media?parent=626"}],"curies":[{"name":"wp","href":"https:\/\/api.w.org\/{rel}","templated":true}]}}